{"id":1574,"date":"2025-03-28T15:51:23","date_gmt":"2025-03-28T15:51:23","guid":{"rendered":"https:\/\/work5image.monalba.cz\/sobre-el-teatro\/repertorio-anterior\/"},"modified":"2025-05-14T15:08:19","modified_gmt":"2025-05-14T15:08:19","slug":"repertorio-anterior","status":"publish","type":"page","link":"https:\/\/www.imagetheatre.cz\/es\/sobre-el-teatro\/repertorio-anterior\/","title":{"rendered":"Repertorio anterior"},"content":{"rendered":"\t\t<div data-elementor-type=\"wp-page\" data-elementor-id=\"1574\" class=\"elementor elementor-1574 elementor-1178\" data-elementor-post-type=\"page\">\n\t\t\t\t<div class=\"elementor-element elementor-element-1762782 e-con-full e-flex e-con e-parent\" data-id=\"1762782\" data-element_type=\"container\" data-e-type=\"container\">\n\t\t<div class=\"elementor-element elementor-element-5f874d2 e-con-full animated-slow e-flex elementor-invisible e-con e-child\" data-id=\"5f874d2\" data-element_type=\"container\" data-e-type=\"container\" data-settings=\"{&quot;background_background&quot;:&quot;classic&quot;,&quot;animation&quot;:&quot;fadeIn&quot;}\">\n\t\t\t\t<\/div>\n\t\t\t\t<\/div>\n\t\t<div class=\"elementor-element elementor-element-f0a3cd3 e-flex e-con-boxed e-con e-parent\" data-id=\"f0a3cd3\" data-element_type=\"container\" data-e-type=\"container\">\n\t\t\t\t\t<div class=\"e-con-inner\">\n\t\t<div class=\"elementor-element elementor-element-f9042e7 e-con-full boxshadow e-flex e-con e-child\" data-id=\"f9042e7\" data-element_type=\"container\" data-e-type=\"container\" data-settings=\"{&quot;background_background&quot;:&quot;classic&quot;}\">\n\t\t<div class=\"elementor-element elementor-element-575bfeb e-con-full e-flex e-con e-child\" data-id=\"575bfeb\" data-element_type=\"container\" data-e-type=\"container\">\n\t\t\t\t<div class=\"elementor-element elementor-element-e5e2d5e elementor-invisible elementor-widget elementor-widget-heading\" data-id=\"e5e2d5e\" data-element_type=\"widget\" data-e-type=\"widget\" data-settings=\"{&quot;_animation&quot;:&quot;fadeInDown&quot;}\" data-widget_type=\"heading.default\">\n\t\t\t\t<div class=\"elementor-widget-container\">\n\t\t\t\t\t<h1 class=\"elementor-heading-title elementor-size-default\">Repertorio anterior<\/h1>\t\t\t\t<\/div>\n\t\t\t\t<\/div>\n\t\t\t\t<div class=\"elementor-element elementor-element-5fa7124 elementor-widget elementor-widget-text-editor\" data-id=\"5fa7124\" data-element_type=\"widget\" data-e-type=\"widget\" data-widget_type=\"text-editor.default\">\n\t\t\t\t<div class=\"elementor-widget-container\">\n\t\t\t\t\t\t\t\t\t<p><em>Los espect\u00e1culos enumerados a continuaci\u00f3n ya no forman parte del repertorio del Teatro de la Imagen.<\/em><\/p>\t\t\t\t\t\t\t\t<\/div>\n\t\t\t\t<\/div>\n\t\t\t\t<\/div>\n\t\t\t\t<\/div>\n\t\t\t\t\t<\/div>\n\t\t\t\t<\/div>\n\t\t<div class=\"elementor-element elementor-element-842d628 e-flex e-con-boxed e-con e-parent\" data-id=\"842d628\" data-element_type=\"container\" data-e-type=\"container\">\n\t\t\t\t\t<div class=\"e-con-inner\">\n\t\t<div class=\"elementor-element elementor-element-a63c472 e-con-full boxshadow e-flex e-con e-child\" data-id=\"a63c472\" data-element_type=\"container\" data-e-type=\"container\" data-settings=\"{&quot;background_background&quot;:&quot;classic&quot;}\">\n\t\t<div class=\"elementor-element elementor-element-69ce1e9 e-con-full e-flex e-con e-child\" data-id=\"69ce1e9\" data-element_type=\"container\" data-e-type=\"container\">\n\t\t\t\t<div class=\"elementor-element elementor-element-54fc926 elementor-invisible elementor-widget elementor-widget-heading\" data-id=\"54fc926\" data-element_type=\"widget\" data-e-type=\"widget\" data-settings=\"{&quot;_animation&quot;:&quot;fadeInDown&quot;}\" data-widget_type=\"heading.default\">\n\t\t\t\t<div class=\"elementor-widget-container\">\n\t\t\t\t\t<h2 class=\"elementor-heading-title elementor-size-default\">Fiction<\/h2>\t\t\t\t<\/div>\n\t\t\t\t<\/div>\n\t\t\t\t<div class=\"elementor-element elementor-element-20f0a38 elementor-widget elementor-widget-text-editor\" data-id=\"20f0a38\" data-element_type=\"widget\" data-e-type=\"widget\" data-widget_type=\"text-editor.default\">\n\t\t\t\t<div class=\"elementor-widget-container\">\n\t\t\t\t\t\t\t\t\t<p><span style=\"font-weight: 400;\">\u00a1Al universo, m\u00e1s al fondo del al universo y a\u00fan m\u00e1s lejos al universo! Hacia all\u00e1 emprenden viaje dos astronautas en el espect\u00e1culo Fiction. No es, sin embargo, un universo como lo conocemos de las pel\u00edculas, de los programas did\u00e1cticos o reportajes documentales. Ni esos dos astronautas son t\u00edpicos conquistadores del universo. Al borde de su nave espacial se encuentra un gran cargamento de las cualidades humanas, problemas, obst\u00e1culos y angustias. Su expedici\u00f3n es todo menos una misi\u00f3n planificada y bien dirigida. Estos dos vagamundos por el espacio se encuentran con un curioso ser de otro planeta. Sin embargo, contactar con \u00e9l no resulta nada f\u00e1cil. Para entenderse sobre las cosas b\u00e1sicas y sencillas hay que usar en la comunicaci\u00f3n manos, piernas, tent\u00e1culos. Y cuando ya por fin os entend\u00e9is con alguien, resulta dif\u00edcil despedirse\u2026<br>En el universo pod\u00e9is encontraros con misterios, con peligro, horror y belleza. Sin embargo, el universo particular que cada uno lleva en la cabeza, \u00bfno resulta ser m\u00e1s enigm\u00e1tico y misterioso, m\u00e1s peligroso incluso m\u00e1s bonito que todo el espacio gal\u00e1ctico? Sin duda alguna es igual de infinito. Si nuestra mente est\u00e1 llena de fantas\u00eda y nuestros pensamientos son originales, quiz\u00e1 sea lo m\u00e1s valioso que tenemos. Puede ocurrir que nos encontremos aislados por nuestra manera de pensar. Pero eso no es motivo para rendirnos. \u00a1No nos dejamos quitar nuestras ocurrencias, ideas e ilusiones! Sobre todo aquellas descabelladas no. No nos dejamos unificar la manera de pensar. Si as\u00ed se derrumbar\u00eda todo el universo. Si a los humanos, nos une el hecho de ser cada uno diferente.          <\/span><\/p>\t\t\t\t\t\t\t\t<\/div>\n\t\t\t\t<\/div>\n\t\t\t\t<div class=\"elementor-element elementor-element-b566563 elementor-widget elementor-widget-image\" data-id=\"b566563\" data-element_type=\"widget\" data-e-type=\"widget\" data-widget_type=\"image.default\">\n\t\t\t\t<div class=\"elementor-widget-container\">\n\t\t\t\t\t\t\t\t\t\t\t\t\t\t\t<img fetchpriority=\"high\" decoding=\"async\" width=\"766\" height=\"498\" src=\"https:\/\/www.imagetheatre.cz\/wp-content\/uploads\/2025\/03\/Fiction.jpg\" class=\"attachment-full size-full wp-image-1199\" alt=\"\" srcset=\"https:\/\/www.imagetheatre.cz\/wp-content\/uploads\/2025\/03\/Fiction.jpg 766w, https:\/\/www.imagetheatre.cz\/wp-content\/uploads\/2025\/03\/Fiction-300x195.jpg 300w\" sizes=\"(max-width: 766px) 100vw, 766px\" \/>\t\t\t\t\t\t\t\t\t\t\t\t\t\t\t<\/div>\n\t\t\t\t<\/div>\n\t\t\t\t<div class=\"elementor-element elementor-element-beacce5 elementor-widget elementor-widget-text-editor\" data-id=\"beacce5\" data-element_type=\"widget\" data-e-type=\"widget\" data-widget_type=\"text-editor.default\">\n\t\t\t\t<div class=\"elementor-widget-container\">\n\t\t\t\t\t\t\t\t\t<p>Coreograf\u00eda: Eva Asterov\u00e1<\/p><p>M\u00fasica: Zden\u011bk Zden\u011bk<\/p><p>Dise\u00f1o del vestuario: Dana Ture\u010dkov\u00e1, Eva Asterov\u00e1<\/p><p>Realizaci\u00f3n del vestuario: Em\u00edlie Bezd\u00ed\u010dkov\u00e1<\/p><p>Realizaci\u00f3n de bambalinas: Stojan Nenov, Ivo Maurenc, Pavel Plocek<\/p><p>Colaboraci\u00f3n art\u00edstica: Franti\u0161ek Tvrdek<\/p><p>Producci\u00f3n: Alexander \u010ciha\u0159<\/p><p>Estreno: 2. \u0159\u00edjna 2001 <\/p>\t\t\t\t\t\t\t\t<\/div>\n\t\t\t\t<\/div>\n\t\t\t\t<\/div>\n\t\t\t\t<\/div>\n\t\t\t\t\t<\/div>\n\t\t\t\t<\/div>\n\t\t<div class=\"elementor-element elementor-element-62a9bc2 e-flex e-con-boxed e-con e-parent\" data-id=\"62a9bc2\" data-element_type=\"container\" data-e-type=\"container\">\n\t\t\t\t\t<div class=\"e-con-inner\">\n\t\t<div class=\"elementor-element elementor-element-7257b4d e-con-full boxshadow e-flex e-con e-child\" data-id=\"7257b4d\" data-element_type=\"container\" data-e-type=\"container\" data-settings=\"{&quot;background_background&quot;:&quot;classic&quot;}\">\n\t\t<div class=\"elementor-element elementor-element-40c714a e-con-full e-flex e-con e-child\" data-id=\"40c714a\" data-element_type=\"container\" data-e-type=\"container\">\n\t\t\t\t<div class=\"elementor-element elementor-element-ed0a17b elementor-invisible elementor-widget elementor-widget-heading\" data-id=\"ed0a17b\" data-element_type=\"widget\" data-e-type=\"widget\" data-settings=\"{&quot;_animation&quot;:&quot;fadeInDown&quot;}\" data-widget_type=\"heading.default\">\n\t\t\t\t<div class=\"elementor-widget-container\">\n\t\t\t\t\t<h2 class=\"elementor-heading-title elementor-size-default\">Clonarium<\/h2>\t\t\t\t<\/div>\n\t\t\t\t<\/div>\n\t\t\t\t<div class=\"elementor-element elementor-element-316a5d3 elementor-widget elementor-widget-text-editor\" data-id=\"316a5d3\" data-element_type=\"widget\" data-e-type=\"widget\" data-widget_type=\"text-editor.default\">\n\t\t\t\t<div class=\"elementor-widget-container\">\n\t\t\t\t\t\t\t\t\t<p><span style=\"font-weight: 400;\">Gracias a la historia sabemos que la reproducci\u00f3n de los organismos vivos no es nada nuevo. Por ejemplo, el Arca de Noe se puede considerar en este contexto como el primer banco gen\u00e9tico. Y Paracelso (14931541), m\u00e9dico y qu\u00edmico alem\u00e1n, vino con la idea de Homunculus un humano artificial. Ahora es el profesor Pra\u017e\u00e1k quien se lanza con mucho valor a descubrir el misterio de la creaci\u00f3n de la vida. Su experimentaci\u00f3n pas\u00f3 de la \u00e9poca electro-mec\u00e1nica a la \u00e9poca biol\u00f3gico-gen\u00e9tica. Sus experimentos los pod\u00e9is observar con sus propios ojos en el Clonarium laboratorio p\u00fablico para la reproducci\u00f3n asistida de organismos de nivel superior e inferior. Compuso un original conjunto de Aparatos LTN, ahora ya de 4\u00aa generaci\u00f3n, con una toma controlada de ox\u00edgeno y amoniaco. Observar la g\u00e9nesis de organismos permite un endoscopio que construy\u00f3 el asistente del profesor, se\u00f1or He\u00f8man. La eficiencia de la bios\u00edntesis experimental de Pra\u017e\u00e1k, que tendr\u00e9is la oportunidad de observar de cerca, \u00a1alcanza unos incre\u00edbles 23%! Por supuesto, los experimentos en los animales tienen su fundamento. Sin embargo, profesor Pra\u017e\u00e1k es de la opini\u00f3n que si hemos partido en el camino de la reproducci\u00f3n asistida, no tenemos por qu\u00e9 meter a los pobres animales por el medio. Despu\u00e9s de todo hab\u00e9is venido al Clonarium para enfilarse al registro de los donantes desinteresados de las c\u00e9lulas madres. En el futuro el profesor Pra\u017e\u00e1k planifica producir a mayor escala en el Clonarium animales transg\u00e9nicos completamente nuevos, aptos para diversas tareas dom\u00e9sticas, como por ejemplo, liquidar las sobras de la cocina o quitar el polvo. El \u00e9nfasis del profesor Pra\u017e\u00e1k para seguir con la investigaci\u00f3n, de la cual no le ha desmotivado ni el n\u00famero elevado de los llamados subg\u00e9neros de mejoramiento descontrolados, caracterizan muy bien sus propias palabras: \u201cCrear la vida significa burlar la muerte.\u201c<br>Agradecimientos a:<br>Teatro IMAGE que hizo posible instalar en Praga el conjunto de Aparatos LTN. Al se\u00f1or He\u00f8man por su verdadero \u00e9nfasis y minuciosidad con las que me asiste durante todo el tiempo de mi\/la investigaci\u00f3n. A la se\u00f1orita Rosa que con valor y dedicaci\u00f3n asumi\u00f3 todos los trabajos auxiliares. Y tambi\u00e9n a vosotros, visitantes del Clonarium, que os hab\u00e9is atrevido a participar en la presentaci\u00f3n, no del todo exenta de riesgos, de mis experimentos.<br>Profesor J.T. Pra\u017e\u00e1k       <\/span><\/p>\t\t\t\t\t\t\t\t<\/div>\n\t\t\t\t<\/div>\n\t\t\t\t<div class=\"elementor-element elementor-element-257027f elementor-widget elementor-widget-image\" data-id=\"257027f\" data-element_type=\"widget\" data-e-type=\"widget\" data-widget_type=\"image.default\">\n\t\t\t\t<div class=\"elementor-widget-container\">\n\t\t\t\t\t\t\t\t\t\t\t\t\t\t\t<img decoding=\"async\" width=\"766\" height=\"498\" src=\"https:\/\/www.imagetheatre.cz\/wp-content\/uploads\/2025\/03\/Clonarium.jpg\" class=\"attachment-full size-full wp-image-1195\" alt=\"\" srcset=\"https:\/\/www.imagetheatre.cz\/wp-content\/uploads\/2025\/03\/Clonarium.jpg 766w, https:\/\/www.imagetheatre.cz\/wp-content\/uploads\/2025\/03\/Clonarium-300x195.jpg 300w\" sizes=\"(max-width: 766px) 100vw, 766px\" \/>\t\t\t\t\t\t\t\t\t\t\t\t\t\t\t<\/div>\n\t\t\t\t<\/div>\n\t\t\t\t<div class=\"elementor-element elementor-element-340b0c4 elementor-widget elementor-widget-text-editor\" data-id=\"340b0c4\" data-element_type=\"widget\" data-e-type=\"widget\" data-widget_type=\"text-editor.default\">\n\t\t\t\t<div class=\"elementor-widget-container\">\n\t\t\t\t\t\t\t\t\t<p><span style=\"font-weight: 400;\">Gui\u00f3n: Eva Asterov\u00e1, Josef Tich\u00fd, Petr Li\u0161ka<\/span><\/p><p><span style=\"font-weight: 400;\">Coreograf\u00eda: Eva Asterov\u00e1<\/span><\/p><p><span style=\"font-weight: 400;\">M\u00fasica: Zden\u011bk Zden\u011bk<\/span><\/p><p><span style=\"font-weight: 400;\">Vocales: Magda Rezkov\u00e1, Konstantin Ruchadze, Marie Vytrhl\u00edkov\u00e1, Zden\u011bk Zden\u011bk<\/span><\/p><p><span style=\"font-weight: 400;\">Solos instrumentales: Peter Binder, Franti\u0161ek Kop, Zden\u011bk Zden\u011bk<\/span><\/p><p><span style=\"font-weight: 400;\">Todos los dem\u00e1s instrumentos: Zden\u011bk Zden\u011bk<\/span><\/p><p><span style=\"font-weight: 400;\">Grabaci\u00f3n de videos: Michal L\u00e1nsk\u00fd<\/span><\/p><p><span style=\"font-weight: 400;\">Montaje: Silvie \u010cepel\u00e1kov\u00e1<\/span><\/p><p><span style=\"font-weight: 400;\">Dise\u00f1o del vestuario: Dagmar B\u0159ezinov\u00e1, Silvie \u010cepel\u00e1kov\u00e1, Eva Asterov\u00e1<\/span><\/p><p><span style=\"font-weight: 400;\">Realizaci\u00f3n del vestuario: Milena Bene\u0161ov\u00e1, Emilie Bezd\u00ed\u010dkov\u00e1, Ivana Chuchl\u00edkov\u00e1<\/span><\/p><p><span style=\"font-weight: 400;\">Realizaci\u00f3n de bambalinas: Artechnic s.r.o., Pavel Plocek, Stojan Nenov, Ivo Maurenc, Jaroslav Karmelita<\/span><\/p><p><span style=\"font-weight: 400;\">Colaboraci\u00f3n art\u00edstica: Franti\u0161ek Tvrdek<\/span><\/p><p><span style=\"font-weight: 400;\">Producci\u00f3n: Alexander \u010ciha\u0159<\/span><\/p><p><span style=\"font-weight: 400;\">Estreno: 3.8.1999<\/span><\/p>\t\t\t\t\t\t\t\t<\/div>\n\t\t\t\t<\/div>\n\t\t\t\t<\/div>\n\t\t\t\t<\/div>\n\t\t\t\t\t<\/div>\n\t\t\t\t<\/div>\n\t\t<div class=\"elementor-element elementor-element-b559f98 e-flex e-con-boxed e-con e-parent\" data-id=\"b559f98\" data-element_type=\"container\" data-e-type=\"container\">\n\t\t\t\t\t<div class=\"e-con-inner\">\n\t\t<div class=\"elementor-element elementor-element-daf119c e-con-full boxshadow e-flex e-con e-child\" data-id=\"daf119c\" data-element_type=\"container\" data-e-type=\"container\" data-settings=\"{&quot;background_background&quot;:&quot;classic&quot;}\">\n\t\t<div class=\"elementor-element elementor-element-46cbec5 e-con-full e-flex e-con e-child\" data-id=\"46cbec5\" data-element_type=\"container\" data-e-type=\"container\">\n\t\t\t\t<div class=\"elementor-element elementor-element-c80d18a elementor-invisible elementor-widget elementor-widget-heading\" data-id=\"c80d18a\" data-element_type=\"widget\" data-e-type=\"widget\" data-settings=\"{&quot;_animation&quot;:&quot;fadeInDown&quot;}\" data-widget_type=\"heading.default\">\n\t\t\t\t<div class=\"elementor-widget-container\">\n\t\t\t\t\t<h2 class=\"elementor-heading-title elementor-size-default\">Night Flight<\/h2>\t\t\t\t<\/div>\n\t\t\t\t<\/div>\n\t\t\t\t<div class=\"elementor-element elementor-element-cc84628 elementor-widget elementor-widget-text-editor\" data-id=\"cc84628\" data-element_type=\"widget\" data-e-type=\"widget\" data-widget_type=\"text-editor.default\">\n\t\t\t\t<div class=\"elementor-widget-container\">\n\t\t\t\t\t\t\t\t\t<p>Espect\u00e1culo del a\u00f1o 1994 inspirado en algunos esquemas y situaciones relacionadas con el transporte a\u00e9reo. Los espectadores se convierten en pasajeros de la compa\u00f1\u00eda Image Airlines al bordo del avi\u00f3n Avestruz 727. Un riguroso control antes de despegar descubre una m\u00e1quina diab\u00f3lica. Una tripulaci\u00f3n algo irresponsable, dos pilotos y una azafata, da con aplicaci\u00f3n una cordial bienvenida a los espectadores, sin embargo, luego se dedica m\u00e1s a s\u00ed misma que a pilotar. Torean a un secuestrador, pero acto seguido \u201cdesaparecen\u201d con el avi\u00f3n en el misterioso tri\u00e1ngulo dentro de las profundidades del universo del teatro negro. De repente, todo es distinto y diferente. Hasta el tri\u00e1ngulo amoroso se resuelve de forma inesperada. Al cabo de noventa minutos de vuelo a bordo de fantas\u00eda el Avestruz 727 sale del espacio misterioso y sorprendentemente aterriza ah\u00ed donde sali\u00f3\u2026          <\/p><p>Tri\u00e1ngulo de las Bermudas -o \u00abtrampa celeste\u00bb- es una zona situada frente a la costa atl\u00e1ntica sudoriental de EE.UU. conocida por su elevado n\u00famero de desapariciones inexplicables de barcos, peque\u00f1as embarcaciones y aeronaves. Los v\u00e9rtices del tri\u00e1ngulo se encuentran en las Bermudas, Miami (Florida) y San Juan (Puerto Rico). <\/p><p>U.S. Coast Guard Circular No. 5720 (19. 3. 1938)<\/p><p>5 de diciembre de 1945 &#8211; desaparici\u00f3n inexplicable de cinco aviones torpederos Grumman TBM 3 Avanger (cinco pilotos y nueve tripulantes) en condiciones meteorol\u00f3gicas ideales para volar. Cientos de aviones y barcos de rescate buscaron en vano el menor resto que pudiera explicar el desastre. Se registraron 380.000 millas cuadradas de mar y tierra. No se pudo encontrar ning\u00fan resto, ning\u00fan piloto, ni ninguno de los aparatos autom\u00e1ticos envi\u00f3 una se\u00f1al de SOS en los \u00faltimos momentos.   <\/p><p>12 de junio de 1947 &#8211; Desaparici\u00f3n de un bombardero B-29 estadounidense en la zona de la \u00abtrampa del cielo\u00bb, reportada por \u00faltima vez a unas 100 millas de las Bermudas.<\/p><p>9 de diciembre de 1948 &#8211; De nuevo sin dejar rastro, desaparece un avi\u00f3n de transporte de las Fuerzas A\u00e9reas estadounidenses con treinta y dos pasajeros a bordo. El piloto inform\u00f3 de que el tiempo era bueno y que ya pod\u00eda ver las luces de Miami, adonde se dirig\u00eda, a apenas cincuenta millas &#8230;<\/p><p>22 de agosto de 1970 &#8211; Un avi\u00f3n de transporte de Naional Airlines aterriza en Miami tras atravesar el Tri\u00e1ngulo de las Bermudas con 127 pasajeros a bordo. Se encontraba en la ruta habitual indicada desde el noreste cuando, de repente, desapareci\u00f3 irremediablemente de las pantallas de radar. En el aeropuerto se intent\u00f3 desesperada e in\u00fatilmente contactar con el avi\u00f3n por radio, se alert\u00f3 a las estaciones de radar y se organiz\u00f3 una operaci\u00f3n de rescate. Antes de que los barcos de b\u00fasqueda de los guardacostas pudieran zarpar, el avi\u00f3n apareci\u00f3 diez minutos despu\u00e9s, como cristalizado de la nada, y aterriz\u00f3 sin complicaciones. No daban cr\u00e9dito a lo que o\u00edan cuando la torre de control anunci\u00f3 entusiasmada: \u00ab\u00a1Por Dios, hab\u00e9is dejado de existir durante diez minutos!\u00bb. Una comprobaci\u00f3n de los instrumentos de a bordo fue una sorpresa. Se comprob\u00f3 que todos los cron\u00f3metros de a bordo, incluidos los relojes de los pasajeros, llevaban exactamente diez minutos cr\u00edticos de retraso, como si se hubieran detenido precisamente por ese tiempo&#8230;      <\/p>\t\t\t\t\t\t\t\t<\/div>\n\t\t\t\t<\/div>\n\t\t\t\t<div class=\"elementor-element elementor-element-64bd10c elementor-widget elementor-widget-image\" data-id=\"64bd10c\" data-element_type=\"widget\" data-e-type=\"widget\" data-widget_type=\"image.default\">\n\t\t\t\t<div class=\"elementor-widget-container\">\n\t\t\t\t\t\t\t\t\t\t\t\t\t\t\t<img decoding=\"async\" width=\"766\" height=\"498\" src=\"https:\/\/www.imagetheatre.cz\/wp-content\/uploads\/2025\/03\/NightFlig.jpg\" class=\"attachment-full size-full wp-image-1191\" alt=\"\" srcset=\"https:\/\/www.imagetheatre.cz\/wp-content\/uploads\/2025\/03\/NightFlig.jpg 766w, https:\/\/www.imagetheatre.cz\/wp-content\/uploads\/2025\/03\/NightFlig-300x195.jpg 300w\" sizes=\"(max-width: 766px) 100vw, 766px\" \/>\t\t\t\t\t\t\t\t\t\t\t\t\t\t\t<\/div>\n\t\t\t\t<\/div>\n\t\t\t\t<div class=\"elementor-element elementor-element-74816db elementor-widget elementor-widget-text-editor\" data-id=\"74816db\" data-element_type=\"widget\" data-e-type=\"widget\" data-widget_type=\"text-editor.default\">\n\t\t\t\t<div class=\"elementor-widget-container\">\n\t\t\t\t\t\t\t\t\t<p><span style=\"font-weight: 400;\">Gui\u00f3n: Eva Asterov\u00e1, Josef Tich\u00fd, Anton\u00edn Kop\u0159iva<\/span><\/p><p><span style=\"font-weight: 400;\">Coreograf\u00eda: Eva Asterov\u00e1<\/span><\/p><p><span style=\"font-weight: 400;\">M\u00fasica: Zden\u011bk Zden\u011bk<\/span><\/p><p><span style=\"font-weight: 400;\">Vestuario: Vratislav Hlavat\u00fd, Eva Asterov\u00e1, So\u0148a Bene\u0161ov\u00e1<\/span><\/p><p><span style=\"font-weight: 400;\">Montaje: Vratislav Hlavat\u00fd, Franti\u0161ek Tvrdek<\/span><\/p><p><span style=\"font-weight: 400;\">Servicio de seguridad: Petr Li\u0161ka<\/span><\/p><p><span style=\"font-weight: 400;\">Producci\u00f3n: Alexander \u010ciha\u0159<\/span><\/p><p><span style=\"font-weight: 400;\">Estreno: 21.8.1994, \u00daltima funci\u00f3n: 20.6. 1999<\/span><\/p>\t\t\t\t\t\t\t\t<\/div>\n\t\t\t\t<\/div>\n\t\t\t\t<\/div>\n\t\t\t\t<\/div>\n\t\t\t\t\t<\/div>\n\t\t\t\t<\/div>\n\t\t<div class=\"elementor-element elementor-element-aadc313 e-flex e-con-boxed e-con e-parent\" data-id=\"aadc313\" data-element_type=\"container\" data-e-type=\"container\">\n\t\t\t\t\t<div class=\"e-con-inner\">\n\t\t<div class=\"elementor-element elementor-element-e713d3b e-con-full boxshadow e-flex e-con e-child\" data-id=\"e713d3b\" data-element_type=\"container\" data-e-type=\"container\" data-settings=\"{&quot;background_background&quot;:&quot;classic&quot;}\">\n\t\t<div class=\"elementor-element elementor-element-b4a053f e-con-full e-flex e-con e-child\" data-id=\"b4a053f\" data-element_type=\"container\" data-e-type=\"container\">\n\t\t\t\t<div class=\"elementor-element elementor-element-373484c elementor-invisible elementor-widget elementor-widget-heading\" data-id=\"373484c\" data-element_type=\"widget\" data-e-type=\"widget\" data-settings=\"{&quot;_animation&quot;:&quot;fadeInDown&quot;}\" data-widget_type=\"heading.default\">\n\t\t\t\t<div class=\"elementor-widget-container\">\n\t\t\t\t\t<h2 class=\"elementor-heading-title elementor-size-default\">Fancy<\/h2>\t\t\t\t<\/div>\n\t\t\t\t<\/div>\n\t\t\t\t<div class=\"elementor-element elementor-element-579683a elementor-widget elementor-widget-text-editor\" data-id=\"579683a\" data-element_type=\"widget\" data-e-type=\"widget\" data-widget_type=\"text-editor.default\">\n\t\t\t\t<div class=\"elementor-widget-container\">\n\t\t\t\t\t\t\t\t\t<p><span style=\"font-weight: 400;\">Qui\u00e9n no conoce la extra\u00f1a experiencia \u2013 sentir que uno ya ha experimentado previamente una situaci\u00f3n nueva. \u00bfHa ocurrido o no? No estamos seguros. Se trata del fen\u00f3meno \u201cd\u00e9j\u00e0 vu\u201d (en franc\u00e9s ya visto). A todos les ocurre de vez en cuando. La vida nos parece un sue\u00f1o al que le falta cualquier l\u00f3gica. Lo misterioso se mezcla con lo sencillo en un c\u00f3ctel de la realidad e irracionalidad. Y de repente aquel extra\u00f1o sentimiento desaparece, nosotros nos despertamos y nos sabe mal que todo siga normal. En una rara situaci\u00f3n similar se vieron dos payasos salidos de los bastidores en el espect\u00e1culo \u201cFancy!\u201c. Como por equivocaci\u00f3n aparecen en el escenario y adem\u00e1s ante una de una sala llena de p\u00fablico. Su ajetreo de repente interrumpe la aparici\u00f3n de una chica lun\u00e1tica, vestida en blanco. Dos peones, fascinados por la dama blanca, la siguen hacia la m\u00e1gica oscuridad del teatro negro. Ah\u00ed, donde todo es posible, ah\u00ed, donde existe lo posible e imposible. Extra\u00f1os personajes salen de nadie sabe d\u00f3nde y luego de la misma forma desaparecen. La l\u00f3gica de la normalidad se rompe en el caleidoscopio de situaciones curiosas. Y cuando al final los peones alcanzan a la blanca Fancy, nos sentiremos que se hayan acabado las ilusiones y los sue\u00f1os. \u00a1Qu\u00e9 no!, porque si hay suficiente fantas\u00eda, nuestros sue\u00f1os no desaparecen con el final de la funci\u00f3n.                  <\/span><\/p>\t\t\t\t\t\t\t\t<\/div>\n\t\t\t\t<\/div>\n\t\t\t\t<div class=\"elementor-element elementor-element-6664960 elementor-widget elementor-widget-image\" data-id=\"6664960\" data-element_type=\"widget\" data-e-type=\"widget\" data-widget_type=\"image.default\">\n\t\t\t\t<div class=\"elementor-widget-container\">\n\t\t\t\t\t\t\t\t\t\t\t\t\t\t\t<img loading=\"lazy\" decoding=\"async\" width=\"766\" height=\"498\" src=\"https:\/\/www.imagetheatre.cz\/wp-content\/uploads\/2025\/03\/Fancy.jpg\" class=\"attachment-full size-full wp-image-1187\" alt=\"\" srcset=\"https:\/\/www.imagetheatre.cz\/wp-content\/uploads\/2025\/03\/Fancy.jpg 766w, https:\/\/www.imagetheatre.cz\/wp-content\/uploads\/2025\/03\/Fancy-300x195.jpg 300w\" sizes=\"(max-width: 766px) 100vw, 766px\" \/>\t\t\t\t\t\t\t\t\t\t\t\t\t\t\t<\/div>\n\t\t\t\t<\/div>\n\t\t\t\t<div class=\"elementor-element elementor-element-6f697ab elementor-widget elementor-widget-text-editor\" data-id=\"6f697ab\" data-element_type=\"widget\" data-e-type=\"widget\" data-widget_type=\"text-editor.default\">\n\t\t\t\t<div class=\"elementor-widget-container\">\n\t\t\t\t\t\t\t\t\t<p><span style=\"font-weight: 400;\">Gui\u00f3n: Eva Asterov\u00e1, Josef Tich\u00fd, Ren\u00e9 Py\u0161<\/span><\/p><p><span style=\"font-weight: 400;\">Coreograf\u00eda: Eva Asterov\u00e1<\/span><\/p><p><span style=\"font-weight: 400;\">M\u00fasica: Zden\u011bk Zden\u011bk, Petr Mal\u00e1sek, Peter Binder<\/span><\/p><p><span style=\"font-weight: 400;\">Vestuario: Eva Asterov\u00e1, So\u0148a Bene\u0161ov\u00e1<\/span><\/p><p><span style=\"font-weight: 400;\">Montaje: Franti\u0161ek Tvrdek, Radek Cirhan<\/span><\/p><p><span style=\"font-weight: 400;\">Producci\u00f3n: Alexander \u010ciha\u0159<\/span><\/p><p><span style=\"font-weight: 400;\">Estreno: 20.7. 1992<\/span><\/p><p><span style=\"font-weight: 400;\">\u00daltima funci\u00f3n: 9.9. 1997<\/span><\/p><p><span style=\"font-weight: 400;\">N\u00famero de repeticiones: 956<\/span><\/p>\t\t\t\t\t\t\t\t<\/div>\n\t\t\t\t<\/div>\n\t\t\t\t<\/div>\n\t\t\t\t<\/div>\n\t\t\t\t\t<\/div>\n\t\t\t\t<\/div>\n\t\t<div class=\"elementor-element elementor-element-ae973e1 e-flex e-con-boxed e-con e-parent\" data-id=\"ae973e1\" data-element_type=\"container\" data-e-type=\"container\">\n\t\t\t\t\t<div class=\"e-con-inner\">\n\t\t<div class=\"elementor-element elementor-element-d1073d2 e-con-full boxshadow e-flex e-con e-child\" data-id=\"d1073d2\" data-element_type=\"container\" data-e-type=\"container\" data-settings=\"{&quot;background_background&quot;:&quot;classic&quot;}\">\n\t\t<div class=\"elementor-element elementor-element-93d36c8 e-con-full e-flex e-con e-child\" data-id=\"93d36c8\" data-element_type=\"container\" data-e-type=\"container\">\n\t\t\t\t<div class=\"elementor-element elementor-element-904c93a elementor-invisible elementor-widget elementor-widget-heading\" data-id=\"904c93a\" data-element_type=\"widget\" data-e-type=\"widget\" data-settings=\"{&quot;_animation&quot;:&quot;fadeInDown&quot;}\" data-widget_type=\"heading.default\">\n\t\t\t\t<div class=\"elementor-widget-container\">\n\t\t\t\t\t<h2 class=\"elementor-heading-title elementor-size-default\">Jazzmime stories<\/h2>\t\t\t\t<\/div>\n\t\t\t\t<\/div>\n\t\t\t\t<div class=\"elementor-element elementor-element-362fb26 elementor-widget elementor-widget-text-editor\" data-id=\"362fb26\" data-element_type=\"widget\" data-e-type=\"widget\" data-widget_type=\"text-editor.default\">\n\t\t\t\t<div class=\"elementor-widget-container\">\n\t\t\t\t\t\t\t\t\t<p><span style=\"font-weight: 400;\">Este original revue fue el primer espect\u00e1culo de nuestro teatro. Se trataba del montaje de escenas de teatro negro, sketches de pantomima y m\u00fasica moderna, el conjunto fue el resultado de un trabajo com\u00fan de unos amigos de toda la vida: m\u00fasicos de jazz y gente del teatro. Una actitud juguetona hacia la creaci\u00f3n y un parecido sentido de humor origin\u00f3 un cuaderno de historias cortas. Disfrutar\u00e1n mucho todos aquellos a quienes les gusten los juegos de ingenio, gags, humor absurdo, o a quienes les guste la danza moderna y los sorprendentes efectos visuales del teatro negro. El teatro negro y la pantomima moderna se unieron en el espect\u00e1culo para aportar al p\u00fablico la diversi\u00f3n, misteriosa imaginaci\u00f3n y buen humor. Que lo consigui\u00f3 con \u00e9xito, lo demuestra el tiempo que lleva este espect\u00e1culo en la cartelera.       <\/span><\/p>\t\t\t\t\t\t\t\t<\/div>\n\t\t\t\t<\/div>\n\t\t\t\t<div class=\"elementor-element elementor-element-400417c elementor-widget elementor-widget-image\" data-id=\"400417c\" data-element_type=\"widget\" data-e-type=\"widget\" data-widget_type=\"image.default\">\n\t\t\t\t<div class=\"elementor-widget-container\">\n\t\t\t\t\t\t\t\t\t\t\t\t\t\t\t<img loading=\"lazy\" decoding=\"async\" width=\"766\" height=\"498\" src=\"https:\/\/www.imagetheatre.cz\/wp-content\/uploads\/2025\/03\/Jazzmine.jpg\" class=\"attachment-full size-full wp-image-1183\" alt=\"\" srcset=\"https:\/\/www.imagetheatre.cz\/wp-content\/uploads\/2025\/03\/Jazzmine.jpg 766w, https:\/\/www.imagetheatre.cz\/wp-content\/uploads\/2025\/03\/Jazzmine-300x195.jpg 300w\" sizes=\"(max-width: 766px) 100vw, 766px\" \/>\t\t\t\t\t\t\t\t\t\t\t\t\t\t\t<\/div>\n\t\t\t\t<\/div>\n\t\t\t\t<div class=\"elementor-element elementor-element-d8a8dd5 elementor-widget elementor-widget-text-editor\" data-id=\"d8a8dd5\" data-element_type=\"widget\" data-e-type=\"widget\" data-widget_type=\"text-editor.default\">\n\t\t\t\t<div class=\"elementor-widget-container\">\n\t\t\t\t\t\t\t\t\t<p><span style=\"font-weight: 400;\">Gui\u00f3n: Eva Asterov\u00e1, Josef Tich\u00fd, Petr Li\u0161ka, Ren\u00e9 Py\u0161<\/span><\/p><p><span style=\"font-weight: 400;\">Coreograf\u00eda: Eva Asterov\u00e1<\/span><\/p><p><span style=\"font-weight: 400;\">M\u00fasica: Zden\u011bk Zden\u011bk, Ivan Audes, Alexander \u010ciha\u0159, Petr Mal\u00e1sek<\/span><\/p><p><span style=\"font-weight: 400;\">Vestuario: Eva Asterov\u00e1, Jindra Kone\u010dn\u00e1, Petr Li\u0161ka<\/span><\/p><p><span style=\"font-weight: 400;\">Montaje: Franti\u0161ek Tvrdek, Radek Cirhan<\/span><\/p><p><span style=\"font-weight: 400;\">Producci\u00f3n: Alexander \u010ciha\u0159<\/span><\/p><p><span style=\"font-weight: 400;\">Estreno: 17.2.1990<\/span><\/p>\t\t\t\t\t\t\t\t<\/div>\n\t\t\t\t<\/div>\n\t\t\t\t<\/div>\n\t\t\t\t<\/div>\n\t\t\t\t\t<\/div>\n\t\t\t\t<\/div>\n\t\t<div class=\"elementor-element elementor-element-6a5916e e-flex e-con-boxed e-con e-parent\" data-id=\"6a5916e\" data-element_type=\"container\" data-e-type=\"container\">\n\t\t\t\t\t<div class=\"e-con-inner\">\n\t\t\t\t<div class=\"elementor-element elementor-element-5604cb7 elementor-widget elementor-widget-shortcode\" data-id=\"5604cb7\" data-element_type=\"widget\" data-e-type=\"widget\" data-widget_type=\"shortcode.default\">\n\t\t\t\t<div class=\"elementor-widget-container\">\n\t\t\t\t\t\t\t<div class=\"elementor-shortcode\"><div class=\"navigace-stranek\" style=\"display:flex; justify-content:space-between; margin-top:0;\"><a href=\"https:\/\/www.imagetheatre.cz\/es\/sobre-el-teatro\/historia\/\" class=\"prev-link\"><svg aria-hidden=\"true\" class=\"e-font-icon-svg e-fas-chevron-left\" viewBox=\"0 0 320 512\" width=\"16\" height=\"16\" fill=\"currentColor\" xmlns=\"http:\/\/www.w3.org\/2000\/svg\"><path d=\"M34.476 239.03L228.82 44.686c9.373-9.373 24.569-9.373 33.941 0l22.667 22.667c9.357 9.357 9.375 24.522 .04 33.901L131.495 256l154.021 154.745c9.335 9.379 9.317 24.544-.04 33.901l-22.667 22.667c-9.373 9.373-24.569 9.373-33.941 0L34.475 272.971c-9.373-9.373-9.373-24.569-.001-33.941z\"><\/path><\/svg><span  class=\"prevnextpage\">Historia<\/span><\/a><a href=\"https:\/\/www.imagetheatre.cz\/es\/sobre-el-teatro\/excursiones-y-actividades\/\" class=\"next-link\"><span class=\"prevnextpage\">Excursiones y actividades<\/span><svg aria-hidden=\"true\" class=\"e-font-icon-svg e-fas-chevron-right\" viewBox=\"0 0 320 512\" width=\"16\" height=\"16\" fill=\"currentColor\" xmlns=\"http:\/\/www.w3.org\/2000\/svg\"><path d=\"M285.476 272.971L91.132 467.314c-9.373 9.373-24.569 9.373-33.941 0l-22.667-22.667c-9.357-9.357-9.375-24.522-.04-33.901L188.505 256 34.484 101.255c-9.335-9.379-9.317-24.544.04-33.901l22.667-22.667c9.373-9.373 24.569-9.373 33.941 0L285.475 239.03c9.373 9.372 9.373 24.568.001 33.941z\"><\/path><\/svg><\/a><\/div><\/div>\n\t\t\t\t\t\t<\/div>\n\t\t\t\t<\/div>\n\t\t\t\t\t<\/div>\n\t\t\t\t<\/div>\n\t\t\t\t<\/div>\n\t\t","protected":false},"excerpt":{"rendered":"<p>Repertorio anterior Los espect\u00e1culos enumerados a continuaci\u00f3n ya no forman parte del repertorio del Teatro de la Imagen. Fiction \u00a1Al universo, m\u00e1s al fondo del al universo y a\u00fan m\u00e1s lejos al universo! Hacia all\u00e1 emprenden viaje dos astronautas en el espect\u00e1culo Fiction. No es, sin embargo, un universo como lo conocemos de las pel\u00edculas, [&hellip;]<\/p>\n","protected":false},"author":1,"featured_media":0,"parent":1558,"menu_order":20,"comment_status":"closed","ping_status":"closed","template":"","meta":{"_acf_changed":false,"footnotes":""},"class_list":["post-1574","page","type-page","status-publish","hentry"],"acf":[],"_links":{"self":[{"href":"https:\/\/www.imagetheatre.cz\/es\/wp-json\/wp\/v2\/pages\/1574","targetHints":{"allow":["GET"]}}],"collection":[{"href":"https:\/\/www.imagetheatre.cz\/es\/wp-json\/wp\/v2\/pages"}],"about":[{"href":"https:\/\/www.imagetheatre.cz\/es\/wp-json\/wp\/v2\/types\/page"}],"author":[{"embeddable":true,"href":"https:\/\/www.imagetheatre.cz\/es\/wp-json\/wp\/v2\/users\/1"}],"replies":[{"embeddable":true,"href":"https:\/\/www.imagetheatre.cz\/es\/wp-json\/wp\/v2\/comments?post=1574"}],"version-history":[{"count":1,"href":"https:\/\/www.imagetheatre.cz\/es\/wp-json\/wp\/v2\/pages\/1574\/revisions"}],"predecessor-version":[{"id":1575,"href":"https:\/\/www.imagetheatre.cz\/es\/wp-json\/wp\/v2\/pages\/1574\/revisions\/1575"}],"up":[{"embeddable":true,"href":"https:\/\/www.imagetheatre.cz\/es\/wp-json\/wp\/v2\/pages\/1558"}],"wp:attachment":[{"href":"https:\/\/www.imagetheatre.cz\/es\/wp-json\/wp\/v2\/media?parent=1574"}],"curies":[{"name":"wp","href":"https:\/\/api.w.org\/{rel}","templated":true}]}}